{"id":9641,"date":"2024-01-25T04:28:12","date_gmt":"2024-01-25T09:28:12","guid":{"rendered":"https:\/\/manchesterproud.org\/celebrado\/"},"modified":"2024-05-02T03:10:48","modified_gmt":"2024-05-02T07:10:48","slug":"celebrado","status":"publish","type":"page","link":"https:\/\/manchesterproud.org\/es\/celebrado\/","title":{"rendered":"Celebrado"},"content":{"rendered":"\t\t<div data-elementor-type=\"wp-page\" data-elementor-id=\"9641\" class=\"elementor elementor-9641 elementor-1878\" data-elementor-post-type=\"page\">\n\t\t\t\t<div class=\"elementor-element elementor-element-027a577 e-con-full e-flex e-con e-parent\" data-id=\"027a577\" data-element_type=\"container\" data-e-type=\"container\" data-settings=\"{&quot;background_background&quot;:&quot;classic&quot;}\">\n\t\t\t\t<\/div>\n\t\t<div class=\"elementor-element elementor-element-d0a6148 e-con-full e-flex e-con e-parent\" data-id=\"d0a6148\" data-element_type=\"container\" data-e-type=\"container\" data-settings=\"{&quot;background_background&quot;:&quot;classic&quot;}\">\n\t\t\t\t<\/div>\n\t\t<div class=\"elementor-element elementor-element-3cd73ba e-flex e-con-boxed e-con e-parent\" data-id=\"3cd73ba\" data-element_type=\"container\" data-e-type=\"container\">\n\t\t\t\t\t<div class=\"e-con-inner\">\n\t\t<div class=\"elementor-element elementor-element-a4e0614 e-con-full e-flex e-con e-child\" data-id=\"a4e0614\" data-element_type=\"container\" data-e-type=\"container\">\n\t\t\t\t<div class=\"elementor-element elementor-element-5d452f8 elementor-widget__width-initial elementor-widget-mobile__width-inherit elementor-widget elementor-widget-heading\" data-id=\"5d452f8\" data-element_type=\"widget\" data-e-type=\"widget\" data-widget_type=\"heading.default\">\n\t\t\t\t<div class=\"elementor-widget-container\">\n\t\t\t\t\t<h2 class=\"elementor-heading-title elementor-size-default\">CelebratEd: un vibrante\nfestival celebrando\nNuestras escuelas y\nComunidad<\/h2>\t\t\t\t<\/div>\n\t\t\t\t<\/div>\n\t\t<div class=\"elementor-element elementor-element-7f27ab0 e-flex e-con-boxed e-con e-child\" data-id=\"7f27ab0\" data-element_type=\"container\" data-e-type=\"container\">\n\t\t\t\t\t<div class=\"e-con-inner\">\n\t\t\t\t<div class=\"elementor-element elementor-element-41a5aac elementor-widget__width-initial elementor-widget elementor-widget-text-editor\" data-id=\"41a5aac\" data-element_type=\"widget\" data-e-type=\"widget\" data-widget_type=\"text-editor.default\">\n\t\t\t\t<div class=\"elementor-widget-container\">\n\t\t\t\t\t\t\t\t\tCoproducida por Manchester Proud &amp; the Manchester\nDistrito escolar.\t\t\t\t\t\t\t\t<\/div>\n\t\t\t\t<\/div>\n\t\t\t\t<div class=\"elementor-element elementor-element-96532b5 elementor-widget__width-initial elementor-widget elementor-widget-text-editor\" data-id=\"96532b5\" data-element_type=\"widget\" data-e-type=\"widget\" data-widget_type=\"text-editor.default\">\n\t\t\t\t<div class=\"elementor-widget-container\">\n\t\t\t\t\t\t\t\t\t<p>Cu\u00e1ndo: 24 de septiembre de 2024<br \/><strong>RESERVA<\/strong><br \/>D\u00f3nde: Parque Memorial de los Veteranos<\/p>\n\t\t\t\t\t\t\t\t<\/div>\n\t\t\t\t<\/div>\n\t\t\t\t\t<\/div>\n\t\t\t\t<\/div>\n\t\t\t\t<\/div>\n\t\t<div class=\"elementor-element elementor-element-827b3fe e-con-full elementor-hidden-mobile e-flex e-con e-child\" data-id=\"827b3fe\" data-element_type=\"container\" data-e-type=\"container\">\n\t\t\t\t<\/div>\n\t\t\t\t\t<\/div>\n\t\t\t\t<\/div>\n\t\t<div class=\"elementor-element elementor-element-6bc0e33 e-flex e-con-boxed e-con e-parent\" data-id=\"6bc0e33\" data-element_type=\"container\" data-e-type=\"container\">\n\t\t\t\t\t<div class=\"e-con-inner\">\n\t\t<div class=\"elementor-element elementor-element-83444ee e-con-full e-flex e-con e-child\" data-id=\"83444ee\" data-element_type=\"container\" data-e-type=\"container\">\n\t\t<div class=\"elementor-element elementor-element-b6230f1 e-flex e-con-boxed e-con e-child\" data-id=\"b6230f1\" data-element_type=\"container\" data-e-type=\"container\">\n\t\t\t\t\t<div class=\"e-con-inner\">\n\t\t\t\t<div class=\"elementor-element elementor-element-cea7d2e elementor-widget__width-initial elementor-widget elementor-widget-text-editor\" data-id=\"cea7d2e\" data-element_type=\"widget\" data-e-type=\"widget\" data-widget_type=\"text-editor.default\">\n\t\t\t\t<div class=\"elementor-widget-container\">\n\t\t\t\t\t\t\t\t\t<p>\u00danase a nosotros para vivir una experiencia inolvidable en CelebrateEd 2024, programado para el 21 de septiembre de 2024. \u00a1Marque sus calendarios y permanezca atento a m\u00e1s detalles pr\u00f3ximamente!<\/p>\n<p>Aspectos destacados de CelebratED 2023:<\/p>\n<p>\u25cf <b>CelebratED 2023<\/b> fue un \u00e9xito rotundo, ya que reuni\u00f3 a toda la comunidad del Distrito Escolar de Manchester en un d\u00eda lleno de alegr\u00eda, talento y esp\u00edritu comunitario.<\/p>\n<p>\u25cf <b>Participaci\u00f3n unificada:<\/b> Por primera vez, las 21 escuelas p\u00fablicas de Manchester participaron activamente en el evento, mostrando actuaciones cuidadosamente planificadas y ensayadas que realmente capturaron la esencia de nuestra diversa comunidad.<\/p>\n<p>\u25cf <b>Music Caf\u00e9 Delight:<\/b> La introducci\u00f3n del \u00abMusic Caf\u00e9\u00bb proporcion\u00f3 un lugar \u00fanico fuera del escenario principal para los estudiantes de secundaria, permiti\u00e9ndoles exhibir sus actuaciones en solitario. Esta incorporaci\u00f3n fue un gran \u00e9xito y regresar\u00e1 el pr\u00f3ximo a\u00f1o.<\/p>\n<p>\u25cf <b>Galer\u00eda de arte en el parque:<\/b> una nueva caracter\u00edstica, la \u00abGaler\u00eda de arte en el parque\u00bb, ofrec\u00eda un espacio cerrado con un portal de entrada, creando un entorno sofisticado para exhibir el impresionante arte de los estudiantes. La exposici\u00f3n abarcaba 200 pies lineales y cubr\u00eda ambos lados con una impresionante variedad de obras de arte.<\/p>\n<p>\u25cf <b>Participaci\u00f3n comunitaria:<\/b> el evento fue testigo de un crecimiento notable en la participaci\u00f3n comunitaria, con casi 50 organizaciones participando en stands y actividades. A pesar del clima cuestionable, este buen resultado indica que CelebratED se est\u00e1 convirtiendo en un evento anual al que hay que asistir.<\/p>\n<p>\u25cf <b>Premios Game Changer:<\/b> Presentamos los premios \u00abGame Changer\u00bb, que honran a 110 estudiantes, maestros y personal de las 21 escuelas por sus destacadas contribuciones que van m\u00e1s all\u00e1 para hacer que sus escuelas sean excelentes. Esto realmente encarna el esp\u00edritu de CelebratED.<\/p>\n<p>\u25cf <b>Celebraci\u00f3n de la educaci\u00f3n cient\u00edfica:<\/b> la educaci\u00f3n cient\u00edfica ocup\u00f3 un lugar central con una competencia de rob\u00f3tica y una exhibici\u00f3n del avi\u00f3n construido por estudiantes de la Escuela de Tecnolog\u00eda de Manchester.<\/p>\n<p>\u25cf <b>Participaci\u00f3n comunitaria:<\/b> Los departamentos de polic\u00eda, bomberos y salud de Manchester participaron activamente, trayendo caballos, ponis, camiones de bomberos y una camioneta para atenci\u00f3n dental.<\/p>\n<p>\u25cf <b>Delicias culinarias:<\/b> el evento atendi\u00f3 diversos gustos con un men\u00fa multicultural ampliado, que inclu\u00eda pizza griega, comida caribe\u00f1a, tailandesa y mediterr\u00e1nea. Kona Ice tambi\u00e9n estuvo disponible para todos los ni\u00f1os.<\/p>\n<p>\u25cf <b>Entusiasmo por la lectura:<\/b> 895 estudiantes de escuela primaria participaron en el concurso \u00abWe Show Up\u00bb, y gan\u00f3 la escuela Smyth Road. Adem\u00e1s, 847 estudiantes se llevaron libros, marcadores y un nuevo entusiasmo por la lectura.<\/p>\n<p><strong>\u00a1Esperamos crear m\u00e1s momentos inolvidables en CelebrateEd 2024!<\/strong><\/p>\n\t\t\t\t\t\t\t\t<\/div>\n\t\t\t\t<\/div>\n\t\t\t\t\t<\/div>\n\t\t\t\t<\/div>\n\t\t<div class=\"elementor-element elementor-element-c9b0e81 e-flex e-con-boxed e-con e-child\" data-id=\"c9b0e81\" data-element_type=\"container\" data-e-type=\"container\">\n\t\t\t\t\t<div class=\"e-con-inner\">\n\t\t\t\t<div class=\"elementor-element elementor-element-44daae8 elementor-widget elementor-widget-heading\" data-id=\"44daae8\" data-element_type=\"widget\" data-e-type=\"widget\" data-widget_type=\"heading.default\">\n\t\t\t\t<div class=\"elementor-widget-container\">\n\t\t\t\t\t<h2 class=\"elementor-heading-title elementor-size-default\">\u00a1Comparte esta publicaci\u00f3n, elige tu plataforma!<\/h2>\t\t\t\t<\/div>\n\t\t\t\t<\/div>\n\t\t\t\t<div class=\"elementor-element elementor-element-e363acd elementor-widget elementor-widget-shortcode\" data-id=\"e363acd\" data-element_type=\"widget\" data-e-type=\"widget\" data-widget_type=\"shortcode.default\">\n\t\t\t\t<div class=\"elementor-widget-container\">\n\t\t\t\t\t\t\t<div class=\"elementor-shortcode\"><div class=\"addtoany_shortcode\"><div class=\"a2a_kit a2a_kit_size_32 addtoany_list\" data-a2a-url=\"https:\/\/manchesterproud.org\/es\/celebrado\/\" data-a2a-title=\"Celebrado\"><a class=\"a2a_button_facebook\" href=\"https:\/\/www.addtoany.com\/add_to\/facebook?linkurl=https%3A%2F%2Fmanchesterproud.org%2Fes%2Fcelebrado%2F&amp;linkname=Celebrado\" title=\"Facebook\" rel=\"nofollow noopener\" target=\"_blank\"><img decoding=\"async\" src=\"\/\/manchesterproud.org\/wp-content\/uploads\/icons\/facebook.png\" width=\"32\" height=\"32\" alt=\"Facebook\"><\/a><a class=\"a2a_button_x\" href=\"https:\/\/www.addtoany.com\/add_to\/x?linkurl=https%3A%2F%2Fmanchesterproud.org%2Fes%2Fcelebrado%2F&amp;linkname=Celebrado\" title=\"X\" rel=\"nofollow noopener\" target=\"_blank\"><img decoding=\"async\" src=\"\/\/manchesterproud.org\/wp-content\/uploads\/icons\/x.png\" width=\"32\" height=\"32\" alt=\"X\"><\/a><a class=\"a2a_button_linkedin\" href=\"https:\/\/www.addtoany.com\/add_to\/linkedin?linkurl=https%3A%2F%2Fmanchesterproud.org%2Fes%2Fcelebrado%2F&amp;linkname=Celebrado\" title=\"LinkedIn\" rel=\"nofollow noopener\" target=\"_blank\"><img decoding=\"async\" src=\"\/\/manchesterproud.org\/wp-content\/uploads\/icons\/linkedin.png\" width=\"32\" height=\"32\" alt=\"LinkedIn\"><\/a><a class=\"a2a_button_email\" href=\"https:\/\/www.addtoany.com\/add_to\/email?linkurl=https%3A%2F%2Fmanchesterproud.org%2Fes%2Fcelebrado%2F&amp;linkname=Celebrado\" title=\"Email\" rel=\"nofollow noopener\" target=\"_blank\"><img loading=\"lazy\" decoding=\"async\" src=\"\/\/manchesterproud.org\/wp-content\/uploads\/icons\/email.png\" width=\"32\" height=\"32\" alt=\"Email\"><\/a><\/div><\/div><\/div>\n\t\t\t\t\t\t<\/div>\n\t\t\t\t<\/div>\n\t\t\t\t\t<\/div>\n\t\t\t\t<\/div>\n\t\t\t\t<\/div>\n\t\t<div class=\"elementor-element elementor-element-db2570f e-con-full e-flex e-con e-child\" data-id=\"db2570f\" data-element_type=\"container\" data-e-type=\"container\">\n\t\t\t\t<div class=\"elementor-element elementor-element-ab51771 elementor-widget elementor-widget-text-editor\" data-id=\"ab51771\" data-element_type=\"widget\" data-e-type=\"widget\" data-widget_type=\"text-editor.default\">\n\t\t\t\t<div class=\"elementor-widget-container\">\n\t\t\t\t\t<\/ul>\t\t\t\t<p><\/p>\n\t\t\t\t\t\t\t\t<\/div>\n\t\t\t\t<\/div>\n\t\t\t\t<div class=\"elementor-element elementor-element-edb0efa elementor-grid-1 elementor-grid-tablet-2 elementor-grid-mobile-1 elementor-widget elementor-widget-loop-grid\" data-id=\"edb0efa\" data-element_type=\"widget\" data-e-type=\"widget\" data-settings=\"{&quot;template_id&quot;:2321,&quot;columns&quot;:1,&quot;row_gap&quot;:{&quot;unit&quot;:&quot;px&quot;,&quot;size&quot;:0,&quot;sizes&quot;:[]},&quot;_skin&quot;:&quot;post&quot;,&quot;columns_tablet&quot;:&quot;2&quot;,&quot;columns_mobile&quot;:&quot;1&quot;,&quot;edit_handle_selector&quot;:&quot;[data-elementor-type=\\&quot;loop-item\\&quot;]&quot;,&quot;row_gap_tablet&quot;:{&quot;unit&quot;:&quot;px&quot;,&quot;size&quot;:&quot;&quot;,&quot;sizes&quot;:[]},&quot;row_gap_mobile&quot;:{&quot;unit&quot;:&quot;px&quot;,&quot;size&quot;:&quot;&quot;,&quot;sizes&quot;:[]}}\" data-widget_type=\"loop-grid.post\">\n\t\t\t\t<div class=\"elementor-widget-container\">\n\t\t\t\t\t\t\t<div class=\"e-loop-nothing-found-message\">\n\t\t<\/div>\n\t\t\t\t\t\t<\/div>\n\t\t\t\t<\/div>\n\t\t\t\t<div class=\"elementor-element elementor-element-dc079fd elementor-align-center elementor-widget elementor-widget-button\" data-id=\"dc079fd\" data-element_type=\"widget\" data-e-type=\"widget\" data-widget_type=\"button.default\">\n\t\t\t\t<div class=\"elementor-widget-container\">\n\t\t\t\t\t\t\t\t\t<div class=\"elementor-button-wrapper\">\n\t\t\t\t\t<a class=\"elementor-button elementor-button-link elementor-size-sm\" href=\"https:\/\/manchesterproud.org\/es\/eventos\/\">\n\t\t\t\t\t\t<span class=\"elementor-button-content-wrapper\">\n\t\t\t\t\t\t\t\t\t<span class=\"elementor-button-text\">Ver todos los eventos<\/span>\n\t\t\t\t\t<\/span>\n\t\t\t\t\t<\/a>\n\t\t\t\t<\/div>\n\t\t\t\t\t\t\t\t<\/div>\n\t\t\t\t<\/div>\n\t\t\t\t<\/div>\n\t\t\t\t\t<\/div>\n\t\t\t\t<\/div>\n\t\t<div class=\"elementor-element elementor-element-ef02615 e-flex e-con-boxed e-con e-parent\" data-id=\"ef02615\" data-element_type=\"container\" data-e-type=\"container\" data-settings=\"{&quot;background_background&quot;:&quot;classic&quot;}\">\n\t\t\t\t\t<div class=\"e-con-inner\">\n\t\t<div class=\"elementor-element elementor-element-e928626 e-flex e-con-boxed e-con e-child\" data-id=\"e928626\" data-element_type=\"container\" data-e-type=\"container\">\n\t\t\t\t\t<div class=\"e-con-inner\">\n\t\t\t\t<div class=\"elementor-element elementor-element-9849c53 elementor-widget__width-initial elementor-widget elementor-widget-heading\" data-id=\"9849c53\" data-element_type=\"widget\" data-e-type=\"widget\" data-widget_type=\"heading.default\">\n\t\t\t\t<div class=\"elementor-widget-container\">\n\t\t\t\t\t<h3 class=\"elementor-heading-title elementor-size-default\">\u00a1Mira CelebratED!<\/h3>\t\t\t\t<\/div>\n\t\t\t\t<\/div>\n\t\t\t\t<div class=\"elementor-element elementor-element-92adcdc elementor-skin-slideshow elementor-arrows-yes elementor-widget elementor-widget-media-carousel\" data-id=\"92adcdc\" data-element_type=\"widget\" data-e-type=\"widget\" data-settings=\"{&quot;skin&quot;:&quot;slideshow&quot;,&quot;slideshow_slides_per_view&quot;:&quot;4&quot;,&quot;centered_slides&quot;:&quot;yes&quot;,&quot;space_between&quot;:{&quot;unit&quot;:&quot;px&quot;,&quot;size&quot;:18,&quot;sizes&quot;:[]},&quot;effect&quot;:&quot;slide&quot;,&quot;show_arrows&quot;:&quot;yes&quot;,&quot;speed&quot;:500,&quot;autoplay&quot;:&quot;yes&quot;,&quot;autoplay_speed&quot;:5000,&quot;loop&quot;:&quot;yes&quot;,&quot;pause_on_hover&quot;:&quot;yes&quot;,&quot;pause_on_interaction&quot;:&quot;yes&quot;,&quot;space_between_tablet&quot;:{&quot;unit&quot;:&quot;px&quot;,&quot;size&quot;:10,&quot;sizes&quot;:[]},&quot;space_between_mobile&quot;:{&quot;unit&quot;:&quot;px&quot;,&quot;size&quot;:10,&quot;sizes&quot;:[]}}\" data-widget_type=\"media-carousel.default\">\n\t\t\t\t<div class=\"elementor-widget-container\">\n\t\t\t\t\t\t\t\t\t<div class=\"elementor-swiper\">\n\t\t\t\t\t<div class=\"elementor-main-swiper swiper\" role=\"region\" aria-roledescription=\"carousel\" aria-label=\"Diapositivas\">\n\t\t\t\t<div class=\"swiper-wrapper\">\n\t\t\t\t\t\t\t\t\t\t\t<div class=\"swiper-slide\" role=\"group\" aria-roledescription=\"slide\">\n\t\t\t\t\t\t\t\t\t<div class=\"elementor-carousel-image\" role=\"img\" aria-label=\"CelebratEd Parker Varney School Pride Display\" style=\"background-image: url(&#039;https:\/\/manchesterproud.org\/wp-content\/uploads\/2024\/02\/CelebratED_-8.jpg&#039;)\">\n\n\t\t\t\n\t\t\t\t\t<\/div>\n\t\t\t\t\t\t\t\t<\/div>\n\t\t\t\t\t\t\t\t\t\t\t<div class=\"swiper-slide\" role=\"group\" aria-roledescription=\"slide\">\n\t\t\t\t\t\t\t\t\t<div class=\"elementor-carousel-image\" role=\"img\" aria-label=\"Scout Flag Presentation\" style=\"background-image: url(&#039;https:\/\/manchesterproud.org\/wp-content\/uploads\/2024\/02\/CelebratED_-3.jpg&#039;)\">\n\n\t\t\t\n\t\t\t\t\t<\/div>\n\t\t\t\t\t\t\t\t<\/div>\n\t\t\t\t\t\t\t\t\t\t\t<div class=\"swiper-slide\" role=\"group\" aria-roledescription=\"slide\">\n\t\t\t\t\t\t\t\t\t<div class=\"elementor-carousel-image\" role=\"img\" aria-label=\"Students on Stage\" style=\"background-image: url(&#039;https:\/\/manchesterproud.org\/wp-content\/uploads\/2024\/02\/CelebratED_-21.jpg&#039;)\">\n\n\t\t\t\n\t\t\t\t\t<\/div>\n\t\t\t\t\t\t\t\t<\/div>\n\t\t\t\t\t\t\t\t\t\t\t<div class=\"swiper-slide\" role=\"group\" aria-roledescription=\"slide\">\n\t\t\t\t\t\t\t\t\t<div class=\"elementor-carousel-image\" role=\"img\" aria-label=\"Student getting Facepaint\" style=\"background-image: url(&#039;https:\/\/manchesterproud.org\/wp-content\/uploads\/2024\/02\/CelebratED_-29.jpg&#039;)\">\n\n\t\t\t\n\t\t\t\t\t<\/div>\n\t\t\t\t\t\t\t\t<\/div>\n\t\t\t\t\t\t\t\t\t\t\t<div class=\"swiper-slide\" role=\"group\" aria-roledescription=\"slide\">\n\t\t\t\t\t\t\t\t\t<div class=\"elementor-carousel-image\" role=\"img\" aria-label=\"Student musicians playing\" style=\"background-image: url(&#039;https:\/\/manchesterproud.org\/wp-content\/uploads\/2024\/02\/CelebratED_-73.jpg&#039;)\">\n\n\t\t\t\n\t\t\t\t\t<\/div>\n\t\t\t\t\t\t\t\t<\/div>\n\t\t\t\t\t\t\t\t\t\t\t<div class=\"swiper-slide\" role=\"group\" aria-roledescription=\"slide\">\n\t\t\t\t\t\t\t\t\t<div class=\"elementor-carousel-image\" role=\"img\" aria-label=\"Community Support Display\" style=\"background-image: url(&#039;https:\/\/manchesterproud.org\/wp-content\/uploads\/2024\/02\/CelebratED_-34.jpg&#039;)\">\n\n\t\t\t\n\t\t\t\t\t<\/div>\n\t\t\t\t\t\t\t\t<\/div>\n\t\t\t\t\t\t\t\t\t<\/div>\n\t\t\t\t\t\t\t\t\t\t\t\t\t\t\t<div class=\"elementor-swiper-button elementor-swiper-button-prev\" role=\"button\" tabindex=\"0\" aria-label=\"Anterior\">\n\t\t\t\t\t\t\t<svg aria-hidden=\"true\" class=\"e-font-icon-svg e-eicon-chevron-left\" viewBox=\"0 0 1000 1000\" xmlns=\"http:\/\/www.w3.org\/2000\/svg\"><path d=\"M646 125C629 125 613 133 604 142L308 442C296 454 292 471 292 487 292 504 296 521 308 533L604 854C617 867 629 875 646 875 663 875 679 871 692 858 704 846 713 829 713 812 713 796 708 779 692 767L438 487 692 225C700 217 708 204 708 187 708 171 704 154 692 142 675 129 663 125 646 125Z\"><\/path><\/svg>\t\t\t\t\t\t<\/div>\n\t\t\t\t\t\t<div class=\"elementor-swiper-button elementor-swiper-button-next\" role=\"button\" tabindex=\"0\" aria-label=\"Siguiente\">\n\t\t\t\t\t\t\t<svg aria-hidden=\"true\" class=\"e-font-icon-svg e-eicon-chevron-right\" viewBox=\"0 0 1000 1000\" xmlns=\"http:\/\/www.w3.org\/2000\/svg\"><path d=\"M696 533C708 521 713 504 713 487 713 471 708 454 696 446L400 146C388 133 375 125 354 125 338 125 325 129 313 142 300 154 292 171 292 187 292 204 296 221 308 233L563 492 304 771C292 783 288 800 288 817 288 833 296 850 308 863 321 871 338 875 354 875 371 875 388 867 400 854L696 533Z\"><\/path><\/svg>\t\t\t\t\t\t<\/div>\n\t\t\t\t\t\t\t\t\t\t\t\t\t\t\t\t\t<\/div>\n\t\t\t\t<\/div>\n\t\t\t\t\t\t\t\t<div class=\"elementor-swiper\">\n\t\t\t\t\t<div class=\"elementor-main-swiper swiper elementor-thumbnails-swiper swiper\" role=\"region region\" aria-roledescription=\"carousel carousel\" aria-label=\"Diapositivas Diapositivas\">\n\t\t\t\t<div class=\"swiper-wrapper\">\n\t\t\t\t\t\t\t\t\t\t\t<div class=\"swiper-slide\" role=\"group\" aria-roledescription=\"slide\">\n\t\t\t\t\t\t\t\t\t<div class=\"elementor-carousel-image\" role=\"img\" aria-label=\"CelebratEd Parker Varney School Pride Display\" style=\"background-image: url(&#039;https:\/\/manchesterproud.org\/wp-content\/uploads\/2024\/02\/CelebratED_-8.jpg&#039;)\">\n\n\t\t\t\n\t\t\t\t\t<\/div>\n\t\t\t\t\t\t\t\t<\/div>\n\t\t\t\t\t\t\t\t\t\t\t<div class=\"swiper-slide\" role=\"group\" aria-roledescription=\"slide\">\n\t\t\t\t\t\t\t\t\t<div class=\"elementor-carousel-image\" role=\"img\" aria-label=\"Scout Flag Presentation\" style=\"background-image: url(&#039;https:\/\/manchesterproud.org\/wp-content\/uploads\/2024\/02\/CelebratED_-3.jpg&#039;)\">\n\n\t\t\t\n\t\t\t\t\t<\/div>\n\t\t\t\t\t\t\t\t<\/div>\n\t\t\t\t\t\t\t\t\t\t\t<div class=\"swiper-slide\" role=\"group\" aria-roledescription=\"slide\">\n\t\t\t\t\t\t\t\t\t<div class=\"elementor-carousel-image\" role=\"img\" aria-label=\"Students on Stage\" style=\"background-image: url(&#039;https:\/\/manchesterproud.org\/wp-content\/uploads\/2024\/02\/CelebratED_-21.jpg&#039;)\">\n\n\t\t\t\n\t\t\t\t\t<\/div>\n\t\t\t\t\t\t\t\t<\/div>\n\t\t\t\t\t\t\t\t\t\t\t<div class=\"swiper-slide\" role=\"group\" aria-roledescription=\"slide\">\n\t\t\t\t\t\t\t\t\t<div class=\"elementor-carousel-image\" role=\"img\" aria-label=\"Student getting Facepaint\" style=\"background-image: url(&#039;https:\/\/manchesterproud.org\/wp-content\/uploads\/2024\/02\/CelebratED_-29.jpg&#039;)\">\n\n\t\t\t\n\t\t\t\t\t<\/div>\n\t\t\t\t\t\t\t\t<\/div>\n\t\t\t\t\t\t\t\t\t\t\t<div class=\"swiper-slide\" role=\"group\" aria-roledescription=\"slide\">\n\t\t\t\t\t\t\t\t\t<div class=\"elementor-carousel-image\" role=\"img\" aria-label=\"Student musicians playing\" style=\"background-image: url(&#039;https:\/\/manchesterproud.org\/wp-content\/uploads\/2024\/02\/CelebratED_-73.jpg&#039;)\">\n\n\t\t\t\n\t\t\t\t\t<\/div>\n\t\t\t\t\t\t\t\t<\/div>\n\t\t\t\t\t\t\t\t\t\t\t<div class=\"swiper-slide\" role=\"group\" aria-roledescription=\"slide\">\n\t\t\t\t\t\t\t\t\t<div class=\"elementor-carousel-image\" role=\"img\" aria-label=\"Community Support Display\" style=\"background-image: url(&#039;https:\/\/manchesterproud.org\/wp-content\/uploads\/2024\/02\/CelebratED_-34.jpg&#039;)\">\n\n\t\t\t\n\t\t\t\t\t<\/div>\n\t\t\t\t\t\t\t\t<\/div>\n\t\t\t\t\t\t\t\t\t<\/div>\n\t\t\t\t\t\t\t\t\t\t\t\t\t\t\t\t\t\t\t\t\t<\/div>\n\t\t\t\t<\/div>\n\t\t\t\t\t\t\t\t<\/div>\n\t\t\t\t<\/div>\n\t\t\t\t\t<\/div>\n\t\t\t\t<\/div>\n\t\t\t\t\t<\/div>\n\t\t\t\t<\/div>\n\t\t<div class=\"elementor-element elementor-element-2190f83 e-con-full e-flex e-con e-parent\" data-id=\"2190f83\" data-element_type=\"container\" data-e-type=\"container\" data-settings=\"{&quot;background_background&quot;:&quot;classic&quot;}\">\n\t\t\t\t<div class=\"elementor-element elementor-element-642f5b4 elementor-widget elementor-widget-spacer\" data-id=\"642f5b4\" data-element_type=\"widget\" data-e-type=\"widget\" data-widget_type=\"spacer.default\">\n\t\t\t\t<div class=\"elementor-widget-container\">\n\t\t\t\t\t\t\t<div class=\"elementor-spacer\">\n\t\t\t<div class=\"elementor-spacer-inner\"><\/div>\n\t\t<\/div>\n\t\t\t\t\t\t<\/div>\n\t\t\t\t<\/div>\n\t\t\t\t<\/div>\n\t\t<div class=\"elementor-element elementor-element-0b165e4 e-flex e-con-boxed e-con e-parent\" data-id=\"0b165e4\" data-element_type=\"container\" data-e-type=\"container\" data-settings=\"{&quot;background_background&quot;:&quot;gradient&quot;}\">\n\t\t\t\t\t<div class=\"e-con-inner\">\n\t\t<div class=\"elementor-element elementor-element-4dbb381 e-flex e-con-boxed e-con e-child\" data-id=\"4dbb381\" data-element_type=\"container\" data-e-type=\"container\">\n\t\t\t\t\t<div class=\"e-con-inner\">\n\t\t\t\t<div class=\"elementor-element elementor-element-f9f7737 elementor-widget elementor-widget-heading\" data-id=\"f9f7737\" data-element_type=\"widget\" data-e-type=\"widget\" data-widget_type=\"heading.default\">\n\t\t\t\t<div class=\"elementor-widget-container\">\n\t\t\t\t\t<h2 class=\"elementor-heading-title elementor-size-default\">\u00a1INVOLUCRARSE!<\/h2>\t\t\t\t<\/div>\n\t\t\t\t<\/div>\n\t\t\t\t<div class=\"elementor-element elementor-element-99e4bc5 elementor-widget__width-initial elementor-widget-mobile__width-inherit elementor-widget elementor-widget-text-editor\" data-id=\"99e4bc5\" data-element_type=\"widget\" data-e-type=\"widget\" data-widget_type=\"text-editor.default\">\n\t\t\t\t<div class=\"elementor-widget-container\">\n\t\t\t\t\t\t\t\t\t<p>El poder de construir y promover asociaciones comunitarias es un multiplicador que ampl\u00eda nuestro conocimiento colectivo, conocimientos, experiencia, capacidad, recursos, oportunidades y compromiso con nuestro objetivo com\u00fan de excelencia y equidad para todos los estudiantes. El viejo dicho de que \u201cDos cabezas piensan mejor que una\u201d ciertamente se aplica a nuestro trabajo, y somos muy afortunados de tener muchas, muchas cabezas que contribuyen al \u00e9xito de nuestro Distrito.<\/p>\n\t\t\t\t\t\t\t\t<\/div>\n\t\t\t\t<\/div>\n\t\t\t\t<div class=\"elementor-element elementor-element-ce85b15 elementor-align-center elementor-widget elementor-widget-button\" data-id=\"ce85b15\" data-element_type=\"widget\" data-e-type=\"widget\" data-widget_type=\"button.default\">\n\t\t\t\t<div class=\"elementor-widget-container\">\n\t\t\t\t\t\t\t\t\t<div class=\"elementor-button-wrapper\">\n\t\t\t\t\t<a class=\"elementor-button elementor-button-link elementor-size-sm\" href=\"https:\/\/manchesterproud.org\/es\/contactenos\/?gf-help=I%20want%20to%20volunteer\">\n\t\t\t\t\t\t<span class=\"elementor-button-content-wrapper\">\n\t\t\t\t\t\t\t\t\t<span class=\"elementor-button-text\">\u00a1Puedes ayudar!<\/span>\n\t\t\t\t\t<\/span>\n\t\t\t\t\t<\/a>\n\t\t\t\t<\/div>\n\t\t\t\t\t\t\t\t<\/div>\n\t\t\t\t<\/div>\n\t\t\t\t\t<\/div>\n\t\t\t\t<\/div>\n\t\t\t\t\t<\/div>\n\t\t\t\t<\/div>\n\t\t\t\t<\/div>\n\t\t","protected":false},"excerpt":{"rendered":"<p>CelebratEd: un vibrante festival celebrando Nuestras escuelas y Comunidad Coproducida por Manchester Proud &amp; the Manchester Distrito escolar. Cu\u00e1ndo: 24 de septiembre de 2024RESERVAD\u00f3nde: Parque Memorial de los Veteranos \u00danase  <a href=\"https:\/\/manchesterproud.org\/es\/celebrado\/\" rel=\"bookmark\" title=\"Celebrado\">[&hellip;]<\/a><\/p>\n","protected":false},"author":2,"featured_media":3021,"parent":0,"menu_order":0,"comment_status":"closed","ping_status":"closed","template":"elementor_header_footer","meta":{"_acf_changed":false,"_mo_disable_npp":"","footnotes":""},"class_list":["post-9641","page","type-page","status-publish","has-post-thumbnail","hentry"],"acf":[],"yoast_head":"<!-- This site is optimized with the Yoast SEO Premium plugin v21.5 (Yoast SEO v27.2) - https:\/\/yoast.com\/product\/yoast-seo-premium-wordpress\/ -->\n<title>Celebrado | Manchester orgulloso<\/title>\n<meta name=\"description\" content=\"Descubra inspiradoras historias de \u00e9xito en Manchester Proud. \u00danase a nosotros para celebrar los logros y el impacto comunitario en CelebratEd.\" \/>\n<meta name=\"robots\" content=\"index, follow, max-snippet:-1, max-image-preview:large, max-video-preview:-1\" \/>\n<link rel=\"canonical\" href=\"https:\/\/manchesterproud.org\/es\/celebrado\/\" \/>\n<meta property=\"og:locale\" content=\"es_ES\" \/>\n<meta property=\"og:type\" content=\"article\" \/>\n<meta property=\"og:title\" content=\"Celebrado\" \/>\n<meta property=\"og:description\" content=\"CelebratEd: un vibrante festival celebrando Nuestras escuelas y Comunidad Coproducida por Manchester Proud &amp; the Manchester Distrito escolar.Cu\u00e1ndo:\" \/>\n<meta property=\"og:url\" content=\"https:\/\/manchesterproud.org\/es\/celebrado\/\" \/>\n<meta property=\"og:site_name\" content=\"Manchester Proud\" \/>\n<meta property=\"article:modified_time\" content=\"2024-05-02T07:10:48+00:00\" \/>\n<meta property=\"og:image\" content=\"https:\/\/manchesterproud.org\/wp-content\/uploads\/2024\/03\/blog-Default-ImageV2.jpg\" \/>\n\t<meta property=\"og:image:width\" content=\"936\" \/>\n\t<meta property=\"og:image:height\" content=\"624\" \/>\n\t<meta property=\"og:image:type\" content=\"image\/jpeg\" \/>\n<meta name=\"twitter:card\" content=\"summary_large_image\" \/>\n<meta name=\"twitter:label1\" content=\"Tiempo de lectura\" \/>\n\t<meta name=\"twitter:data1\" content=\"3 minutos\" \/>\n<script type=\"application\/ld+json\" class=\"yoast-schema-graph\">{\"@context\":\"https:\/\/schema.org\",\"@graph\":[{\"@type\":\"WebPage\",\"@id\":\"https:\/\/manchesterproud.org\/es\/celebrado\/\",\"url\":\"https:\/\/manchesterproud.org\/es\/celebrado\/\",\"name\":\"Celebrado | Manchester orgulloso\",\"isPartOf\":{\"@id\":\"https:\/\/manchesterproud.org\/es\/#website\"},\"primaryImageOfPage\":{\"@id\":\"https:\/\/manchesterproud.org\/es\/celebrado\/#primaryimage\"},\"image\":{\"@id\":\"https:\/\/manchesterproud.org\/es\/celebrado\/#primaryimage\"},\"thumbnailUrl\":\"https:\/\/manchesterproud.org\/wp-content\/uploads\/2024\/03\/blog-Default-ImageV2.jpg\",\"datePublished\":\"2024-01-25T09:28:12+00:00\",\"dateModified\":\"2024-05-02T07:10:48+00:00\",\"description\":\"Descubra inspiradoras historias de \u00e9xito en Manchester Proud. \u00danase a nosotros para celebrar los logros y el impacto comunitario en CelebratEd.\",\"breadcrumb\":{\"@id\":\"https:\/\/manchesterproud.org\/es\/celebrado\/#breadcrumb\"},\"inLanguage\":\"es\",\"potentialAction\":[{\"@type\":\"ReadAction\",\"target\":[\"https:\/\/manchesterproud.org\/es\/celebrado\/\"]}]},{\"@type\":\"ImageObject\",\"inLanguage\":\"es\",\"@id\":\"https:\/\/manchesterproud.org\/es\/celebrado\/#primaryimage\",\"url\":\"https:\/\/manchesterproud.org\/wp-content\/uploads\/2024\/03\/blog-Default-ImageV2.jpg\",\"contentUrl\":\"https:\/\/manchesterproud.org\/wp-content\/uploads\/2024\/03\/blog-Default-ImageV2.jpg\",\"width\":936,\"height\":624},{\"@type\":\"BreadcrumbList\",\"@id\":\"https:\/\/manchesterproud.org\/es\/celebrado\/#breadcrumb\",\"itemListElement\":[{\"@type\":\"ListItem\",\"position\":1,\"name\":\"Home\",\"item\":\"https:\/\/manchesterproud.org\/es\/hogar\/\"},{\"@type\":\"ListItem\",\"position\":2,\"name\":\"Celebrado\"}]},{\"@type\":\"WebSite\",\"@id\":\"https:\/\/manchesterproud.org\/es\/#website\",\"url\":\"https:\/\/manchesterproud.org\/es\/\",\"name\":\"Manchester Proud\",\"description\":\"\",\"potentialAction\":[{\"@type\":\"SearchAction\",\"target\":{\"@type\":\"EntryPoint\",\"urlTemplate\":\"https:\/\/manchesterproud.org\/es\/?s={search_term_string}\"},\"query-input\":{\"@type\":\"PropertyValueSpecification\",\"valueRequired\":true,\"valueName\":\"search_term_string\"}}],\"inLanguage\":\"es\"}]}<\/script>\n<!-- \/ Yoast SEO Premium plugin. -->","yoast_head_json":{"title":"Celebrado | Manchester orgulloso","description":"Descubra inspiradoras historias de \u00e9xito en Manchester Proud. \u00danase a nosotros para celebrar los logros y el impacto comunitario en CelebratEd.","robots":{"index":"index","follow":"follow","max-snippet":"max-snippet:-1","max-image-preview":"max-image-preview:large","max-video-preview":"max-video-preview:-1"},"canonical":"https:\/\/manchesterproud.org\/es\/celebrado\/","og_locale":"es_ES","og_type":"article","og_title":"Celebrado","og_description":"CelebratEd: un vibrante festival celebrando Nuestras escuelas y Comunidad Coproducida por Manchester Proud &amp; the Manchester Distrito escolar.Cu\u00e1ndo:","og_url":"https:\/\/manchesterproud.org\/es\/celebrado\/","og_site_name":"Manchester Proud","article_modified_time":"2024-05-02T07:10:48+00:00","og_image":[{"width":936,"height":624,"url":"https:\/\/manchesterproud.org\/wp-content\/uploads\/2024\/03\/blog-Default-ImageV2.jpg","type":"image\/jpeg"}],"twitter_card":"summary_large_image","twitter_misc":{"Tiempo de lectura":"3 minutos"},"schema":{"@context":"https:\/\/schema.org","@graph":[{"@type":"WebPage","@id":"https:\/\/manchesterproud.org\/es\/celebrado\/","url":"https:\/\/manchesterproud.org\/es\/celebrado\/","name":"Celebrado | Manchester orgulloso","isPartOf":{"@id":"https:\/\/manchesterproud.org\/es\/#website"},"primaryImageOfPage":{"@id":"https:\/\/manchesterproud.org\/es\/celebrado\/#primaryimage"},"image":{"@id":"https:\/\/manchesterproud.org\/es\/celebrado\/#primaryimage"},"thumbnailUrl":"https:\/\/manchesterproud.org\/wp-content\/uploads\/2024\/03\/blog-Default-ImageV2.jpg","datePublished":"2024-01-25T09:28:12+00:00","dateModified":"2024-05-02T07:10:48+00:00","description":"Descubra inspiradoras historias de \u00e9xito en Manchester Proud. \u00danase a nosotros para celebrar los logros y el impacto comunitario en CelebratEd.","breadcrumb":{"@id":"https:\/\/manchesterproud.org\/es\/celebrado\/#breadcrumb"},"inLanguage":"es","potentialAction":[{"@type":"ReadAction","target":["https:\/\/manchesterproud.org\/es\/celebrado\/"]}]},{"@type":"ImageObject","inLanguage":"es","@id":"https:\/\/manchesterproud.org\/es\/celebrado\/#primaryimage","url":"https:\/\/manchesterproud.org\/wp-content\/uploads\/2024\/03\/blog-Default-ImageV2.jpg","contentUrl":"https:\/\/manchesterproud.org\/wp-content\/uploads\/2024\/03\/blog-Default-ImageV2.jpg","width":936,"height":624},{"@type":"BreadcrumbList","@id":"https:\/\/manchesterproud.org\/es\/celebrado\/#breadcrumb","itemListElement":[{"@type":"ListItem","position":1,"name":"Home","item":"https:\/\/manchesterproud.org\/es\/hogar\/"},{"@type":"ListItem","position":2,"name":"Celebrado"}]},{"@type":"WebSite","@id":"https:\/\/manchesterproud.org\/es\/#website","url":"https:\/\/manchesterproud.org\/es\/","name":"Manchester Proud","description":"","potentialAction":[{"@type":"SearchAction","target":{"@type":"EntryPoint","urlTemplate":"https:\/\/manchesterproud.org\/es\/?s={search_term_string}"},"query-input":{"@type":"PropertyValueSpecification","valueRequired":true,"valueName":"search_term_string"}}],"inLanguage":"es"}]}},"_links":{"self":[{"href":"https:\/\/manchesterproud.org\/es\/wp-json\/wp\/v2\/pages\/9641","targetHints":{"allow":["GET"]}}],"collection":[{"href":"https:\/\/manchesterproud.org\/es\/wp-json\/wp\/v2\/pages"}],"about":[{"href":"https:\/\/manchesterproud.org\/es\/wp-json\/wp\/v2\/types\/page"}],"author":[{"embeddable":true,"href":"https:\/\/manchesterproud.org\/es\/wp-json\/wp\/v2\/users\/2"}],"replies":[{"embeddable":true,"href":"https:\/\/manchesterproud.org\/es\/wp-json\/wp\/v2\/comments?post=9641"}],"version-history":[{"count":0,"href":"https:\/\/manchesterproud.org\/es\/wp-json\/wp\/v2\/pages\/9641\/revisions"}],"wp:featuredmedia":[{"embeddable":true,"href":"https:\/\/manchesterproud.org\/es\/wp-json\/wp\/v2\/media\/3021"}],"wp:attachment":[{"href":"https:\/\/manchesterproud.org\/es\/wp-json\/wp\/v2\/media?parent=9641"}],"curies":[{"name":"wp","href":"https:\/\/api.w.org\/{rel}","templated":true}]}}